{"id":32,"date":"2013-12-11T19:59:34","date_gmt":"2013-12-11T18:59:34","guid":{"rendered":"http:\/\/localhost:8888\/cri201\/?page_id=32"},"modified":"2026-02-24T17:19:19","modified_gmt":"2026-02-24T16:19:19","slug":"lequipe-pr","status":"publish","type":"page","link":"https:\/\/www.cri201.ch\/?page_id=32","title":{"rendered":"L&rsquo;\u00e9quipe PR"},"content":{"rendered":"<p>[et_pb_section fb_built=\u00a0\u00bb1&Prime; _builder_version=\u00a0\u00bb4.27.2&Prime; _module_preset=\u00a0\u00bbdefault\u00a0\u00bb global_colors_info=\u00a0\u00bb{}\u00a0\u00bb][et_pb_row _builder_version=\u00a0\u00bb4.27.2&Prime; _module_preset=\u00a0\u00bbdefault\u00a0\u00bb global_colors_info=\u00a0\u00bb{}\u00a0\u00bb][et_pb_column type=\u00a0\u00bb4_4&Prime; _builder_version=\u00a0\u00bb4.27.2&Prime; _module_preset=\u00a0\u00bbdefault\u00a0\u00bb global_colors_info=\u00a0\u00bb{}\u00a0\u00bb][et_pb_text _builder_version=\u00a0\u00bb4.27.2&Prime; _module_preset=\u00a0\u00bbdefault\u00a0\u00bb global_colors_info=\u00a0\u00bb{}\u00a0\u00bb]<\/p>\n<h1>L&rsquo;\u00e9quipe PR<\/h1>\n<h2 data-start=\"296\" data-end=\"309\"><\/h2>\n<h2 data-start=\"296\" data-end=\"309\">&#x1f3af; Mission<\/h2>\n<p data-start=\"311\" data-end=\"460\">La section <strong data-start=\"322\" data-end=\"363\">Porteurs d\u2019Appareil Respiratoire (PR)<\/strong> regroupe les sapeurs-pompiers form\u00e9s au port de l\u2019<strong data-start=\"414\" data-end=\"459\">Appareil de Protection Respiratoire (APR)<\/strong>.<\/p>\n<p data-start=\"462\" data-end=\"476\">L\u2019APR permet :<\/p>\n<ul data-start=\"478\" data-end=\"651\">\n<li data-start=\"478\" data-end=\"540\">\n<p data-start=\"480\" data-end=\"540\">De respirer un air isol\u00e9 de l\u2019atmosph\u00e8re ext\u00e9rieure vici\u00e9e<\/p>\n<\/li>\n<li data-start=\"541\" data-end=\"588\">\n<p data-start=\"543\" data-end=\"588\">D\u2019intervenir en milieux enfum\u00e9s ou toxiques<\/p>\n<\/li>\n<li data-start=\"589\" data-end=\"651\">\n<p data-start=\"591\" data-end=\"651\">D\u2019assurer une protection respiratoire et oculaire compl\u00e8te<\/p>\n<\/li>\n<\/ul>\n<p data-start=\"653\" data-end=\"796\">Cette sp\u00e9cialisation est indispensable lors des interventions en atmosph\u00e8re dangereuse, notamment lors d\u2019incendies ou de d\u00e9gagements de fum\u00e9es.<\/p>\n<hr data-start=\"798\" data-end=\"801\" \/>\n<h2 data-start=\"803\" data-end=\"833\">&#x1f465; Formation et comp\u00e9tences<\/h2>\n<p data-start=\"835\" data-end=\"895\">Le port de l\u2019APR ne s\u2019apprend pas uniquement dans un manuel.<\/p>\n<p data-start=\"897\" data-end=\"918\">Chaque porteur doit :<\/p>\n<ul data-start=\"920\" data-end=\"1162\">\n<li data-start=\"920\" data-end=\"959\">\n<p data-start=\"922\" data-end=\"959\">Ma\u00eetriser parfaitement son mat\u00e9riel<\/p>\n<\/li>\n<li data-start=\"960\" data-end=\"1024\">\n<p data-start=\"962\" data-end=\"1024\">Comprendre les contraintes physiologiques li\u00e9es \u00e0 l\u2019appareil<\/p>\n<\/li>\n<li data-start=\"1025\" data-end=\"1097\">\n<p data-start=\"1027\" data-end=\"1097\">\u00catre capable de progresser en s\u00e9curit\u00e9 dans un environnement inconnu<\/p>\n<\/li>\n<li data-start=\"1098\" data-end=\"1162\">\n<p data-start=\"1100\" data-end=\"1162\">Appliquer rigoureusement la m\u00e9thodologie des reconnaissances<\/p>\n<\/li>\n<\/ul>\n<p data-start=\"1164\" data-end=\"1286\">La formation initiale comprend <strong data-start=\"1195\" data-end=\"1230\">21 heures dispens\u00e9es \u00e0 l\u2019OCPPAM<\/strong>, garantissant un socle technique et s\u00e9curitaire solide.<\/p>\n<p data-start=\"1288\" data-end=\"1442\">Avant toute intervention collective, chaque porteur doit poss\u00e9der les comp\u00e9tences individuelles n\u00e9cessaires pour \u00e9voluer de mani\u00e8re autonome et s\u00e9curis\u00e9e.<\/p>\n<hr data-start=\"1444\" data-end=\"1447\" \/>\n<h2 data-start=\"1449\" data-end=\"1476\">&#x1f3cb;&#xfe0f; Entra\u00eenement continu<\/h2>\n<p data-start=\"1478\" data-end=\"1583\">Tout au long de l\u2019ann\u00e9e, des cours de mise \u00e0 niveau et des entra\u00eenements sont organis\u00e9s par la compagnie.<\/p>\n<p data-start=\"1585\" data-end=\"1609\">Les exercices incluent :<\/p>\n<ul data-start=\"1611\" data-end=\"1806\">\n<li data-start=\"1611\" data-end=\"1645\">\n<p data-start=\"1613\" data-end=\"1645\">Progression en milieux enfum\u00e9s<\/p>\n<\/li>\n<li data-start=\"1646\" data-end=\"1684\">\n<p data-start=\"1648\" data-end=\"1684\">Recherche et sauvetage de victimes<\/p>\n<\/li>\n<li data-start=\"1685\" data-end=\"1731\">\n<p data-start=\"1687\" data-end=\"1731\">Simulation d\u2019interventions avec mannequins<\/p>\n<\/li>\n<li data-start=\"1732\" data-end=\"1806\">\n<p data-start=\"1734\" data-end=\"1806\">Utilisation de machines \u00e0 fum\u00e9e pour reproduire des conditions r\u00e9elles<\/p>\n<\/li>\n<\/ul>\n<p data-start=\"1808\" data-end=\"1892\">La section peut \u00e9galement s\u2019entra\u00eener aupr\u00e8s de la S\u00e9curit\u00e9 civile, notamment dans :<\/p>\n<ul data-start=\"1894\" data-end=\"2086\">\n<li data-start=\"1894\" data-end=\"1937\">\n<p data-start=\"1896\" data-end=\"1937\">La traditionnelle <strong data-start=\"1914\" data-end=\"1935\">\u00ab maison de feu \u00bb<\/strong><\/p>\n<\/li>\n<li data-start=\"1938\" data-end=\"2000\">\n<p data-start=\"1940\" data-end=\"2000\">Une berce \u00e9quip\u00e9e d\u2019un parcours modulable r\u00e9cemment acquis<\/p>\n<\/li>\n<li data-start=\"2001\" data-end=\"2086\">\n<p data-start=\"2003\" data-end=\"2086\">Une installation unique en Suisse permettant des sc\u00e9narios d\u2019entra\u00eenement avanc\u00e9s<\/p>\n<\/li>\n<\/ul>\n<p data-start=\"2088\" data-end=\"2218\">Ces infrastructures permettent de confronter les porteurs \u00e0 des conditions proches du r\u00e9el tout en garantissant un cadre s\u00e9curis\u00e9.<\/p>\n<hr data-start=\"2220\" data-end=\"2223\" \/>\n<h2 data-start=\"2225\" data-end=\"2251\">&#x1f527; Mat\u00e9riel et contr\u00f4le<\/h2>\n<p data-start=\"2253\" data-end=\"2289\">La Compagnie <strong data-start=\"2266\" data-end=\"2276\">CRI201<\/strong> dispose de :<\/p>\n<ul data-start=\"2291\" data-end=\"2465\">\n<li data-start=\"2291\" data-end=\"2324\">\n<p data-start=\"2293\" data-end=\"2324\"><strong data-start=\"2293\" data-end=\"2322\">28 appareils Dr\u00e4ger PSS90<\/strong><\/p>\n<\/li>\n<li data-start=\"2325\" data-end=\"2357\">\n<p data-start=\"2327\" data-end=\"2357\"><strong data-start=\"2327\" data-end=\"2355\">30 masques de protection<\/strong><\/p>\n<\/li>\n<li data-start=\"2358\" data-end=\"2389\">\n<p data-start=\"2360\" data-end=\"2389\"><strong data-start=\"2360\" data-end=\"2387\">30 bouteilles composite<\/strong><\/p>\n<\/li>\n<li data-start=\"2390\" data-end=\"2417\">\n<p data-start=\"2392\" data-end=\"2417\"><strong data-start=\"2392\" data-end=\"2415\">15 bouteilles acier<\/strong><\/p>\n<\/li>\n<li data-start=\"2418\" data-end=\"2465\">\n<p data-start=\"2420\" data-end=\"2465\">Soit <strong data-start=\"2425\" data-end=\"2465\">45 bouteilles d\u2019air comprim\u00e9 300 bar<\/strong><\/p>\n<\/li>\n<\/ul>\n<p data-start=\"2467\" data-end=\"2607\">Apr\u00e8s chaque utilisation, les appareils sont syst\u00e9matiquement test\u00e9s par les responsables PR form\u00e9s sp\u00e9cifiquement aux contr\u00f4les techniques.<\/p>\n<p data-start=\"2609\" data-end=\"2708\">La section dispose notamment du <strong data-start=\"2641\" data-end=\"2665\">Testor Dr\u00e4ger Safety<\/strong>, appareil compact permettant le contr\u00f4le :<\/p>\n<ul data-start=\"2710\" data-end=\"2820\">\n<li data-start=\"2710\" data-end=\"2752\">\n<p data-start=\"2712\" data-end=\"2752\">Des masques de protection respiratoire<\/p>\n<\/li>\n<li data-start=\"2753\" data-end=\"2771\">\n<p data-start=\"2755\" data-end=\"2771\">Des d\u00e9tendeurs<\/p>\n<\/li>\n<li data-start=\"2772\" data-end=\"2820\">\n<p data-start=\"2774\" data-end=\"2820\">Des soupapes \u00e0 la demande (moyenne pression)<\/p>\n<\/li>\n<\/ul>\n<p data-start=\"2822\" data-end=\"2894\">Cette rigueur garantit un mat\u00e9riel fiable et op\u00e9rationnel en permanence.<\/p>\n<hr data-start=\"2896\" data-end=\"2899\" \/>\n<h2 data-start=\"2901\" data-end=\"2940\">&#x1f6e1;&#xfe0f; Un pilier op\u00e9rationnel du CRI201<\/h2>\n<p data-start=\"2942\" data-end=\"3046\">La section PR constitue un \u00e9l\u00e9ment central de la capacit\u00e9 d\u2019intervention du <strong data-start=\"3018\" data-end=\"3045\">CRI201<\/strong>.<\/p>\n<p data-start=\"3048\" data-end=\"3061\">Elle permet :<\/p>\n<ul data-start=\"3063\" data-end=\"3227\">\n<li data-start=\"3063\" data-end=\"3110\">\n<p data-start=\"3065\" data-end=\"3110\">L\u2019engagement s\u00e9curis\u00e9 en atmosph\u00e8re hostile<\/p>\n<\/li>\n<li data-start=\"3111\" data-end=\"3160\">\n<p data-start=\"3113\" data-end=\"3160\">La recherche et le sauvetage en milieu enfum\u00e9<\/p>\n<\/li>\n<li data-start=\"3161\" data-end=\"3227\">\n<p data-start=\"3163\" data-end=\"3227\">Le maintien d\u2019un haut niveau de s\u00e9curit\u00e9 pour les intervenants<\/p>\n<\/li>\n<\/ul>\n<p data-start=\"3229\" data-end=\"3401\">La ma\u00eetrise technique, l\u2019entra\u00eenement r\u00e9gulier et la rigueur dans le contr\u00f4le du mat\u00e9riel font de cette section un pilier essentiel de l\u2019efficacit\u00e9 op\u00e9rationnelle du corps.<\/p>\n<p data-start=\"3229\" data-end=\"3401\">\n<p data-start=\"3229\" data-end=\"3401\">\n<p>[\/et_pb_text][et_pb_gallery _builder_version=\u00a0\u00bb4.27.2&Prime; _module_preset=\u00a0\u00bbdefault\u00a0\u00bb gallery_ids=\u00a0\u00bb1944,1933,1931,1911,1906,1833,1820,1855&Prime; show_title_and_caption=\u00a0\u00bboff\u00a0\u00bb hover_enabled=\u00a0\u00bb0&Prime; sticky_enabled=\u00a0\u00bb0&Prime;][\/et_pb_gallery][\/et_pb_column][\/et_pb_row][\/et_pb_section]<\/p>\n","protected":false},"excerpt":{"rendered":"<p>L&rsquo;\u00e9quipe PR &#x1f3af; Mission La section Porteurs d\u2019Appareil Respiratoire (PR) regroupe les sapeurs-pompiers form\u00e9s au port de l\u2019Appareil de Protection Respiratoire (APR). L\u2019APR permet : De respirer un air isol\u00e9 de l\u2019atmosph\u00e8re ext\u00e9rieure vici\u00e9e D\u2019intervenir en milieux enfum\u00e9s ou toxiques D\u2019assurer une protection respiratoire et oculaire compl\u00e8te Cette sp\u00e9cialisation est indispensable lors des interventions en [&hellip;]<\/p>\n","protected":false},"author":5,"featured_media":1261,"parent":0,"menu_order":0,"comment_status":"closed","ping_status":"closed","template":"","meta":{"_et_pb_use_builder":"on","_et_pb_old_content":"L\u2019\u00e9quipe PR est un groupe qui est form\u00e9 au port d\u2019un appareil de protection respiratoire (APR) qui, par d\u00e9finition, permet de respirer un air frais et sain isol\u00e9 de l\u2019air ext\u00e9rieur vici\u00e9, tout en assurant une protection oculaire. Le port d\u2019un APR et la m\u00e9thodologie des reconnaissances ne s\u2019apprennent pas exclusivement dans un manuel. La sensation de progresser dans l\u2019inconnu de fa\u00e7on s\u00e9curisante et la perception des contraintes physiologiques li\u00e9es \u00e0 l\u2019appareil sont autant de param\u00e8tres que chaque sapeur-pompier se doit d\u2019appr\u00e9hender positivement.\r\n\r\nAvant de porter secours de fa\u00e7on collective, le porteur d\u2019un APR doit avant tout conna\u00eetre son mat\u00e9riel et poss\u00e9der une bonne formation (21 heures dispens\u00e9es \u00e0 l'OCPPAM).\r\n\r\nDurant l\u2019ann\u00e9e, des cours de mise \u00e0 niveaux et des entrainements sont dispens\u00e9s par les compagnies. Nous utilisons des mannequins ainsi que des machines \u00e0 fum\u00e9es pour simuler du mieux possible les interventions. \u2028Nous pouvons \u00e9galement nous entra\u00eener \u00e0 la s\u00e9curit\u00e9 civile, qui met \u00e0 disposition la traditionnelle \u00ab\u00a0maison de feu\u00a0\u00bb ainsi qu\u2019une berce avec piste d\u2019entra\u00eenement \u00e9quip\u00e9e d\u2019un parcours modulable acquis r\u00e9cemment et encore unique en Suisse.\r\n\r\nCes appareils sont test\u00e9s apr\u00e8s chaque utilisations, par les responsables PR form\u00e9s sp\u00e9cialement aux contr\u00f4les de ceux-ci. Ils ont \u00e0 disposition le \u00ab\u00a0Testor\u00a0\u00bb qui est un appareil de test compact pour masques de protection respiratoire, d\u00e9tendeurs, soupapes \u00e0 la demande (moyenne pression) de la maison Dr\u00e4ger Safety.\r\n\r\nLa Compagnie CRI201 dispose de 28 appareils de type Dr\u00e4ger PSS90, 30 masques, 30 bouteilles composite, 15 acier (45 bouteilles d\u2019air comprim\u00e9 300 bar).\r\n<h5 align=\"center\"><\/h5>\r\n<h5 align=\"center\">Une partie de l'\u00e9quipe PR \u00e0 Epeisse :<\/h5>","_et_gb_content_width":"","footnotes":""},"class_list":["post-32","page","type-page","status-publish","has-post-thumbnail","hentry"],"_links":{"self":[{"href":"https:\/\/www.cri201.ch\/index.php?rest_route=\/wp\/v2\/pages\/32"}],"collection":[{"href":"https:\/\/www.cri201.ch\/index.php?rest_route=\/wp\/v2\/pages"}],"about":[{"href":"https:\/\/www.cri201.ch\/index.php?rest_route=\/wp\/v2\/types\/page"}],"author":[{"embeddable":true,"href":"https:\/\/www.cri201.ch\/index.php?rest_route=\/wp\/v2\/users\/5"}],"replies":[{"embeddable":true,"href":"https:\/\/www.cri201.ch\/index.php?rest_route=%2Fwp%2Fv2%2Fcomments&post=32"}],"version-history":[{"count":49,"href":"https:\/\/www.cri201.ch\/index.php?rest_route=\/wp\/v2\/pages\/32\/revisions"}],"predecessor-version":[{"id":1977,"href":"https:\/\/www.cri201.ch\/index.php?rest_route=\/wp\/v2\/pages\/32\/revisions\/1977"}],"wp:featuredmedia":[{"embeddable":true,"href":"https:\/\/www.cri201.ch\/index.php?rest_route=\/wp\/v2\/media\/1261"}],"wp:attachment":[{"href":"https:\/\/www.cri201.ch\/index.php?rest_route=%2Fwp%2Fv2%2Fmedia&parent=32"}],"curies":[{"name":"wp","href":"https:\/\/api.w.org\/{rel}","templated":true}]}}